{"id":7,"date":"2017-05-18T09:06:28","date_gmt":"2017-05-18T06:06:28","guid":{"rendered":"http:\/\/www.fabrikaambalaj.com\/tr\/?page_id=7"},"modified":"2022-02-12T09:43:41","modified_gmt":"2022-02-12T06:43:41","slug":"ana-sayfa","status":"publish","type":"page","link":"http:\/\/www.fabrikaambalaj.com\/tr\/","title":{"rendered":""},"content":{"rendered":"<p><img loading=\"lazy\" decoding=\"async\" class=\"alignnone wp-image-124 size-full\" src=\"http:\/\/www.fabrikaambalaj.com\/tr\/wp-content\/uploads\/2017\/05\/1000.png\" alt=\"\" width=\"820\" height=\"66\" srcset=\"http:\/\/www.fabrikaambalaj.com\/tr\/wp-content\/uploads\/2017\/05\/1000.png 820w, http:\/\/www.fabrikaambalaj.com\/tr\/wp-content\/uploads\/2017\/05\/1000-300x24.png 300w, http:\/\/www.fabrikaambalaj.com\/tr\/wp-content\/uploads\/2017\/05\/1000-768x62.png 768w\" sizes=\"auto, (max-width: 820px) 100vw, 820px\" \/><\/p>\n<table id=\"table1\" border=\"0\" width=\"100%\">\n<tbody>\n<tr>\n<td>\n<table id=\"table2\" border=\"0\" width=\"100%\">\n<tbody>\n<tr>\n<td style=\"text-align: center;\" bgcolor=\"#3399FF\"><span style=\"color: #ffffff; font-family: 'Microsoft Sans Serif';\"><b><br \/>\n<\/b><span style=\"font-size: large;\">Karton Kutu<\/span><\/span><\/p>\n<p><span style=\"color: #ffffff; font-family: 'Microsoft Sans Serif';\">Sekt\u00f6r\u00fcnce \u00f6nc\u00fc firmalar aras\u0131nda 1987 y\u0131l\u0131ndan beri karton kutu tasar\u0131m\u0131 ile birlikte karton kutu \u00fcretimi yapmaktay\u0131z. Karton kutu imalat\u0131m\u0131z \u0130stanbul \u00c7emberlita\u015f&#8217;ta ba\u015flam\u0131\u015f olup T\u00fcrkiyenin lider firmalar\u0131 aras\u0131nda karton kutu imalat\u0131 ile yer alm\u0131\u015f bulunmaktay\u0131z. 2008 y\u0131l\u0131ndan beri yapm\u0131\u015f oldu\u011fumuz karton kutu tasar\u0131mlar\u0131m\u0131z\u0131 T\u00fcrk Patent enstit\u00fcs\u00fc&#8217;ne ve noter kanal\u0131 ile tescil ettirmekteyiz. Karton kutu tasar\u0131m ve modellerimizi incelemek i\u00e7in \u00fcr\u00fcnler sayfam\u0131z\u0131 ziyaret edin l\u00fctfen.<\/span><\/p>\n<p><span style=\"color: #ffffff; font-family: 'Microsoft Sans Serif';\">E\u011fer sizinde ihtiyac\u0131n\u0131z olan karton kutu ise o zaman do\u011fru yerdesiniz. Size bir telefon kadar yak\u0131n\u0131z.<\/span><\/p>\n<p>siz hayal edin biz onu ger\u00e7ek yapar\u0131z.<\/td>\n<\/tr>\n<tr>\n<td><\/td>\n<\/tr>\n<tr>\n<td style=\"text-align: center;\" bgcolor=\"#3399FF\"><b><br \/>\n<span style=\"color: #ffffff; font-family: 'Microsoft Sans Serif'; font-size: large;\"><br \/>\nDEMONTE MUKAVVA KUTU<\/span><\/b><\/p>\n<p><span style=\"color: #ffffff; font-family: 'Microsoft Sans Serif';\">Demonte kutu <\/span><\/p>\n<p><span style=\"color: #ffffff; font-family: 'Microsoft Sans Serif';\">az yer kaplayan \u00e7abuk kurulan ve \u00e7abuk toplanan demonte mukavva kutumuz T\u00fcrkiye \u00a0patent enstit\u00fcs\u00fc taraf\u0131ndan patentlidir. \u0130zinsiz kopya edilemez. Bu \u00fcr\u00fcn\u00fcm\u00fcz\u00fcn en b\u00fcy\u00fck avantajlar\u0131ndan biri, \u00fcreticilerin depolar\u0131nda az yer kaplamas\u0131, \u00e7ok h\u0131zl\u0131 bir \u015fekilde monte olabilmesi. \u00dcretim tekni\u011fi a\u00e7\u0131s\u0131ndan kreatif g\u00f6r\u00fcn\u00fcml\u00fc ve sevkiyat a\u015famas\u0131nda az yer <span style=\"vertical-align: top;\">kaplamas\u0131ndan<\/span> dolay\u0131 sevk maliyetlerini minimum d\u00fczeye indirmi\u015ftir.<br \/>\nBa\u015fl\u0131ca kullan\u0131m alanlar\u0131;<br \/>\nAyakkab\u0131 kutusu<br \/>\nNevresim kutusu<br \/>\nHediyelik e\u015fya kutusu<br \/>\nBattaniye kutusu<br \/>\nKozmetik kutusu<br \/>\nBaklava kutusu<br \/>\nTatl\u0131 kutusu<br \/>\nPasta kutusu<br \/>\nKuru pasta kutusu<br \/>\n\u00c7izme kutusu<br \/>\nLansman kutusu<br \/>\nVazo kutusu<br \/>\nG\u00f6mlek kutusu<br \/>\nBardak kutusu<\/span><\/td>\n<\/tr>\n<tr>\n<td><\/td>\n<\/tr>\n<tr>\n<td style=\"text-align: center;\" bgcolor=\"#3399FF\"><span style=\"color: #ffffff; font-family: 'Microsoft Sans Serif';\"><span style=\"color: #ffffff; font-family: 'Microsoft Sans Serif';\"><b><br \/>\n<span style=\"font-size: large;\">YUVARLAK\u00a0KARTON NOTLUK<\/span><\/b><\/span><\/span><\/p>\n<p><span style=\"color: #ffffff; font-family: Microsoft Sans Serif;\">Yuvarlak karton notluklar\u0131m\u0131z\u0131n tasar\u0131m\u0131 2007 y\u0131l\u0131nda yap\u0131lm\u0131\u015f olup \u00fcr\u00fcn \u015fekli ve i\u015flevsel \u00f6zelli\u011fi tamam\u0131 ile \u00a0firmam\u0131za aittir. Yuvarlak karton notluk d\u00fcnyada bir ilk olma ayr\u0131cal\u0131\u011f\u0131n\u0131 ta\u015f\u0131maktad\u0131r. \u0130stenilen bask\u0131 \u00f6zelliklerinde \u00fcretilebilen yuvarlak karton notluklar\u0131m\u0131z tamam\u0131 ile kartondan ve %100 geri d\u00f6n\u00fc\u015f\u00fcml\u00fc malzemeden \u00a0\u00fcretilmektedir. Ki\u015fiye veya firmaya \u00f6zel olarak 4 renk ofset bask\u0131 tekni\u011fi ile bask\u0131 bas\u0131labilmekte ve ayr\u0131ca \u00fcst kapa\u011f\u0131 \u015feffaf PVC&#8217;den yap\u0131labilmektedir. Bu \u00fcr\u00fcn\u00fcm\u00fcz di\u011fer var olan masa\u00fcst\u00fc k\u00fcp notluk, masa\u00fcst\u00fc notluk, masa\u00fcst\u00fc organizayd\u0131r, cep notluk, kare notluk gibi bilinen ka\u011f\u0131t notluklar\u0131n yerini alacakt\u0131r. E\u011fer masa\u00fcst\u00fcnde farkedilmek firman\u0131z\u0131n marka bilinirli\u011fini \u00f6n plana \u00e7\u0131kartmak istiyorsan\u0131z yuvarlak karton notluklar\u0131m\u0131z arad\u0131\u011f\u0131n\u0131z e\u015f\u015fiz bir notluktur.<\/span><\/td>\n<\/tr>\n<\/tbody>\n<\/table>\n<\/td>\n<\/tr>\n<\/tbody>\n<\/table>\n<p><img loading=\"lazy\" decoding=\"async\" class=\"alignnone wp-image-125 size-full\" src=\"http:\/\/www.fabrikaambalaj.com\/tr\/wp-content\/uploads\/2017\/05\/2000.png\" alt=\"\" width=\"922\" height=\"97\" srcset=\"http:\/\/www.fabrikaambalaj.com\/tr\/wp-content\/uploads\/2017\/05\/2000.png 922w, http:\/\/www.fabrikaambalaj.com\/tr\/wp-content\/uploads\/2017\/05\/2000-300x32.png 300w, http:\/\/www.fabrikaambalaj.com\/tr\/wp-content\/uploads\/2017\/05\/2000-768x81.png 768w, http:\/\/www.fabrikaambalaj.com\/tr\/wp-content\/uploads\/2017\/05\/2000-820x86.png 820w\" sizes=\"auto, (max-width: 922px) 100vw, 922px\" \/><\/p>\n","protected":false},"excerpt":{"rendered":"<p>Karton Kutu Sekt\u00f6r\u00fcnce \u00f6nc\u00fc firmalar aras\u0131nda 1987 y\u0131l\u0131ndan beri karton kutu tasar\u0131m\u0131 ile birlikte karton kutu \u00fcretimi yapmaktay\u0131z. Karton kutu imalat\u0131m\u0131z \u0130stanbul \u00c7emberlita\u015f&#8217;ta ba\u015flam\u0131\u015f olup T\u00fcrkiyenin lider firmalar\u0131 aras\u0131nda karton kutu imalat\u0131 ile yer alm\u0131\u015f bulunmaktay\u0131z. 2008 y\u0131l\u0131ndan beri yapm\u0131\u015f oldu\u011fumuz karton kutu tasar\u0131mlar\u0131m\u0131z\u0131 T\u00fcrk Patent enstit\u00fcs\u00fc&#8217;ne ve noter kanal\u0131 ile tescil ettirmekteyiz. Karton kutu [&hellip;]<\/p>\n","protected":false},"author":1,"featured_media":0,"parent":0,"menu_order":0,"comment_status":"closed","ping_status":"closed","template":"","meta":{"footnotes":""},"class_list":["post-7","page","type-page","status-publish","hentry"],"_links":{"self":[{"href":"http:\/\/www.fabrikaambalaj.com\/tr\/wp-json\/wp\/v2\/pages\/7","targetHints":{"allow":["GET"]}}],"collection":[{"href":"http:\/\/www.fabrikaambalaj.com\/tr\/wp-json\/wp\/v2\/pages"}],"about":[{"href":"http:\/\/www.fabrikaambalaj.com\/tr\/wp-json\/wp\/v2\/types\/page"}],"author":[{"embeddable":true,"href":"http:\/\/www.fabrikaambalaj.com\/tr\/wp-json\/wp\/v2\/users\/1"}],"replies":[{"embeddable":true,"href":"http:\/\/www.fabrikaambalaj.com\/tr\/wp-json\/wp\/v2\/comments?post=7"}],"version-history":[{"count":27,"href":"http:\/\/www.fabrikaambalaj.com\/tr\/wp-json\/wp\/v2\/pages\/7\/revisions"}],"predecessor-version":[{"id":901,"href":"http:\/\/www.fabrikaambalaj.com\/tr\/wp-json\/wp\/v2\/pages\/7\/revisions\/901"}],"wp:attachment":[{"href":"http:\/\/www.fabrikaambalaj.com\/tr\/wp-json\/wp\/v2\/media?parent=7"}],"curies":[{"name":"wp","href":"https:\/\/api.w.org\/{rel}","templated":true}]}}